{"id":777,"date":"2015-02-27T22:29:27","date_gmt":"2015-02-27T22:29:27","guid":{"rendered":"https:\/\/cvet.de\/de\/?page_id=777"},"modified":"2015-03-01T19:13:57","modified_gmt":"2015-03-01T19:13:57","slug":"journal","status":"publish","type":"page","link":"https:\/\/cvet.de\/de\/journal\/","title":{"rendered":"<span>CVET<\/span> Journal"},"content":{"rendered":"<ul class=\"posts\">\n<li >\n<h3><a class=\"color\" href=\"https:\/\/cvet.de\/de\/12-2\/\">KI-Einsatz in der Produktion<\/a><\/h3>\n<p>                <img decoding=\"async\" src=\"https:\/\/cvet.de\/de\/wp-content\/uploads\/sites\/3\/2026\/01\/2NIvsKI1-400x250.jpg\" alt=\"KI-Einsatz in der Produktion\"><\/p>\n<p>ein Gemeinschaftsprojekt mit der Audi AG und applied AI In einem Innovationsprojekt zum Einsatz von KI in der Trocknersteuerung untersuchen\u2026 <a href=\"https:\/\/cvet.de\/de\/12-2\/\" class=\"btn btn-primary\">Weiterlesen<\/a><\/p>\n<\/li>\n<li >\n<h3><a class=\"color\" href=\"https:\/\/cvet.de\/de\/11-2\/\">Vortrag bei dem AUTOMOTIVE ENGINEERING CONGRESS 2017 in N\u00fcrnberg<\/a><\/h3>\n<p>                <img decoding=\"async\" src=\"https:\/\/cvet.de\/de\/wp-content\/uploads\/sites\/3\/2026\/01\/581_160465_AEC17_Logo-400x250.jpg\" alt=\"Vortrag bei dem AUTOMOTIVE ENGINEERING CONGRESS 2017 in N\u00fcrnberg\"><\/p>\n<p>Prozesskette Karosserie: vom Konzept zur Endmontage; 30.-31.05.2017 Vom 30. bis 31.05.2016 fand in N\u00fcrnberg der Automitive Engineering Congress 2017 statt.\u2026 <a href=\"https:\/\/cvet.de\/de\/11-2\/\" class=\"btn btn-primary\">Weiterlesen<\/a><\/p>\n<\/li>\n<li >\n<h3><a class=\"color\" href=\"https:\/\/cvet.de\/de\/9-2\/\">Posterpr\u00e4sentation bei der EMISSIONSMINDERUNG 2016 in N\u00fcrnberg<\/a><\/h3>\n<p>                <img decoding=\"async\" src=\"https:\/\/cvet.de\/de\/wp-content\/uploads\/sites\/3\/2016\/05\/Schema_ADRTurbine_de-1-378x250.png\" alt=\"Posterpr\u00e4sentation bei der EMISSIONSMINDERUNG 2016 in N\u00fcrnberg\"><\/p>\n<p>Vom 26. bis 27.04.2016 fand in N\u00fcrnberg die VDI-Fachtagung \u201eEmissionsminderung 2016\u201c statt. Die CVET GmbH nahm mit einer Posterpr\u00e4sentation an\u2026 <a href=\"https:\/\/cvet.de\/de\/9-2\/\" class=\"btn btn-primary\">Weiterlesen<\/a><\/p>\n<\/li>\n<li >\n<h3><a class=\"color\" href=\"https:\/\/cvet.de\/de\/8\/\">Erfolgreiche Promotion in der Gesch\u00e4ftsleitung<\/a><\/h3>\n<p>                <img decoding=\"async\" src=\"https:\/\/cvet.de\/de\/wp-content\/uploads\/sites\/3\/2015\/11\/IMG_0200_A-400x250.jpg\" alt=\"Erfolgreiche Promotion in der Gesch\u00e4ftsleitung\"><\/p>\n<p>Wir gratulieren Herrn Dipl.-Ing. Olaf Neese, Mitglied unserer Gesch\u00e4ftsf\u00fchrung, zur bestandenen Doktorpr\u00fcfung am 29.10.2015. Thema seiner Arbeit war &quot;Analyse und\u2026 <a href=\"https:\/\/cvet.de\/de\/8\/\" class=\"btn btn-primary\">Weiterlesen<\/a><\/p>\n<\/li>\n<li >\n<h3><a class=\"color\" href=\"https:\/\/cvet.de\/de\/6\/\">CVET GmbH belegt 1.Platz beim Volksbank Innovationspreis 2014<\/a><\/h3>\n<p>                <img decoding=\"async\" src=\"https:\/\/cvet.de\/de\/wp-content\/uploads\/sites\/3\/2015\/02\/Volksbank_Innovationspreis_foto1-400x250.jpg\" alt=\"CVET GmbH belegt 1.Platz beim Volksbank Innovationspreis 2014\"><\/p>\n<p>Der Volksbank Innovationspreis 2014 wurde am Donnerstag, den 26.02.2015 bereits zum 6. Mal vergeben. Es wurden kreative Ideen und nachhaltige\u2026 <a href=\"https:\/\/cvet.de\/de\/6\/\" class=\"btn btn-primary\">Weiterlesen<\/a><\/p>\n<\/li>\n<li >\n<h3><a class=\"color\" href=\"https:\/\/cvet.de\/de\/5\/\">Forum Umwelt- und Energietechnik 2014: Industrielle Energieeinsparung hinterfragt<\/a><\/h3>\n<p>                <img decoding=\"async\" src=\"https:\/\/cvet.de\/de\/wp-content\/uploads\/sites\/3\/2014\/12\/Forum_IUW_2014-400x250.gif\" alt=\"Forum Umwelt- und Energietechnik 2014: Industrielle Energieeinsparung hinterfragt\"><\/p>\n<p>Am Freitag, den 17.10.2014 fand unter dem Titel \u201eIndustrielle Energieeinsparung hinterfragt\u201c bereits zum zweiten Mal das Forum Umwelt- und Energietechnik\u2026 <a href=\"https:\/\/cvet.de\/de\/5\/\" class=\"btn btn-primary\">Weiterlesen<\/a><\/p>\n<\/li>\n<li >\n<h3><a class=\"color\" href=\"https:\/\/cvet.de\/de\/4\/\">Vortrag bei der EUROSURFAS in Barcelona<\/a><\/h3>\n<p>Vom 30.09. bis 03.10.2014 fand in Barcelona die \u201eEurosurfas \u2013 The International Surface Treatment Event\u201c statt. Im Rahmen dieser 4-t\u00e4gigen\u2026 <a href=\"https:\/\/cvet.de\/de\/4\/\" class=\"btn btn-primary\">Weiterlesen<\/a><\/p>\n<\/li>\n<li >\n<h3><a class=\"color\" href=\"https:\/\/cvet.de\/de\/3\/\">Indianer und H\u00e4uptlinge im Oberharz<\/a><\/h3>\n<p>In der Ausgabe vom 15. Oktober 2013 der Goslarschen Zeitung wurde im Artikel \u201eGr\u00fcnder sind H\u00e4uptling und Indianer zugleich\u201c \u00fcber\u2026 <a href=\"https:\/\/cvet.de\/de\/3\/\" class=\"btn btn-primary\">Weiterlesen<\/a><\/p>\n<\/li>\n<li >\n<h3><a class=\"color\" href=\"https:\/\/cvet.de\/de\/2\/\">Vortrag beim \u201eT\u00dcV\u201c<\/a><\/h3>\n<p>Erneut wurde Herr Olaf Neese eingeladen, um einen Vortrag beim T\u00dcV NORD in Hannover im Rahmen einer Fortbildungsveranstaltung f\u00fcr die\u2026 <a href=\"https:\/\/cvet.de\/de\/2\/\" class=\"btn btn-primary\">Weiterlesen<\/a><\/p>\n<\/li>\n<li >\n<h3><a class=\"color\" href=\"https:\/\/cvet.de\/de\/1\/\">Fliegender Start<\/a><\/h3>\n<p>                <img decoding=\"async\" src=\"https:\/\/cvet.de\/de\/wp-content\/uploads\/sites\/3\/2015\/02\/Fliegender_Start-artikel_auschnitt-400x250.jpg\" alt=\"Fliegender Start\"><\/p>\n<p>Die CVET GmbH freut sich, dass sie in der Oktoberausgabe 2013 der Zeitschrift \u201eWirtschaft\u201c der Industrie- und Handelskammer Braunschweig als\u2026 <a href=\"https:\/\/cvet.de\/de\/1\/\" class=\"btn btn-primary\">Weiterlesen<\/a><\/p>\n<\/li>\n<\/ul>\n","protected":false},"excerpt":{"rendered":"","protected":false},"author":1,"featured_media":0,"parent":0,"menu_order":0,"comment_status":"closed","ping_status":"closed","template":"templates\/template-page-fullwidth.php","meta":{"_acf_changed":false,"footnotes":""},"class_list":["post-777","page","type-page","status-publish","hentry"],"acf":[],"_links":{"self":[{"href":"https:\/\/cvet.de\/de\/wp-json\/wp\/v2\/pages\/777","targetHints":{"allow":["GET"]}}],"collection":[{"href":"https:\/\/cvet.de\/de\/wp-json\/wp\/v2\/pages"}],"about":[{"href":"https:\/\/cvet.de\/de\/wp-json\/wp\/v2\/types\/page"}],"author":[{"embeddable":true,"href":"https:\/\/cvet.de\/de\/wp-json\/wp\/v2\/users\/1"}],"replies":[{"embeddable":true,"href":"https:\/\/cvet.de\/de\/wp-json\/wp\/v2\/comments?post=777"}],"version-history":[{"count":7,"href":"https:\/\/cvet.de\/de\/wp-json\/wp\/v2\/pages\/777\/revisions"}],"predecessor-version":[{"id":828,"href":"https:\/\/cvet.de\/de\/wp-json\/wp\/v2\/pages\/777\/revisions\/828"}],"wp:attachment":[{"href":"https:\/\/cvet.de\/de\/wp-json\/wp\/v2\/media?parent=777"}],"curies":[{"name":"wp","href":"https:\/\/api.w.org\/{rel}","templated":true}]}}